{"id":2463,"date":"2025-12-19T09:19:58","date_gmt":"2025-12-19T09:19:58","guid":{"rendered":"https:\/\/lichnaasistencija.mk\/?page_id=2463"},"modified":"2026-02-27T12:58:17","modified_gmt":"2026-02-27T12:58:17","slug":"what-is-personal-assistance","status":"publish","type":"page","link":"https:\/\/lichnaasistencija.mk\/sq\/what-is-personal-assistance\/","title":{"rendered":"What is personal assistance?"},"content":{"rendered":"<div data-elementor-type=\"wp-page\" data-elementor-id=\"2463\" class=\"elementor elementor-2463\" data-elementor-post-type=\"page\">\n\t\t\t\t<div class=\"elementor-element elementor-element-f740776 e-flex e-con-boxed e-con e-parent\" data-id=\"f740776\" data-element_type=\"container\" data-e-type=\"container\" data-settings=\"{&quot;background_background&quot;:&quot;classic&quot;}\">\n\t\t\t\t\t<div class=\"e-con-inner\">\n\t\t\t\t<div class=\"elementor-element elementor-element-3a04c84 elementor-icon-list--layout-inline elementor-align-start elementor-list-item-link-full_width elementor-widget elementor-widget-icon-list\" data-id=\"3a04c84\" data-element_type=\"widget\" data-e-type=\"widget\" data-widget_type=\"icon-list.default\">\n\t\t\t\t\t\t\t<ul class=\"elementor-icon-list-items elementor-inline-items\">\n\t\t\t\t\t\t\t<li class=\"elementor-icon-list-item elementor-inline-item\">\n\t\t\t\t\t\t\t\t\t\t\t<a href=\"https:\/\/lichnaasistencija.mk\/sq\/\">\n\n\t\t\t\t\t\t\t\t\t\t\t<span class=\"elementor-icon-list-text\">Kreu<\/span>\n\t\t\t\t\t\t\t\t\t\t\t<\/a>\n\t\t\t\t\t\t\t\t\t<\/li>\n\t\t\t\t\t\t\t\t<li class=\"elementor-icon-list-item elementor-inline-item\">\n\t\t\t\t\t\t\t\t\t\t\t<span class=\"elementor-icon-list-icon\">\n\t\t\t\t\t\t\t<svg xmlns=\"http:\/\/www.w3.org\/2000\/svg\" width=\"64px\" height=\"64px\" viewbox=\"0 0 24 24\" fill=\"none\" stroke=\"#0f2a4a\"><g id=\"SVGRepo_bgCarrier\" stroke-width=\"0\"><\/g><g id=\"SVGRepo_tracerCarrier\" stroke-linecap=\"round\" stroke-linejoin=\"round\"><\/g><g id=\"SVGRepo_iconCarrier\"><path d=\"M10 7L15 12L10 17\" stroke=\"#0f2a4a\" stroke-width=\"1.5\" stroke-linecap=\"round\" stroke-linejoin=\"round\"><\/path><\/g><\/svg>\t\t\t\t\t\t<\/span>\n\t\t\t\t\t\t\t\t\t\t<span class=\"elementor-icon-list-text\">\u00c7far\u00eb \u00ebsht\u00eb asistenca personale?<\/span>\n\t\t\t\t\t\t\t\t\t<\/li>\n\t\t\t\t\t\t<\/ul>\n\t\t\t\t\t\t<\/div>\n\t\t\t\t\t<\/div>\n\t\t\t\t<\/div>\n\t\t<div class=\"elementor-element elementor-element-0ef8c3f e-flex e-con-boxed e-con e-parent\" data-id=\"0ef8c3f\" data-element_type=\"container\" data-e-type=\"container\">\n\t\t\t\t\t<div class=\"e-con-inner\">\n\t\t\t\t<div class=\"elementor-element elementor-element-3d3c9e5 elementor-widget elementor-widget-heading\" data-id=\"3d3c9e5\" data-element_type=\"widget\" data-e-type=\"widget\" data-widget_type=\"heading.default\">\n\t\t\t\t\t<h2 class=\"elementor-heading-title elementor-size-default\">\u00c7far\u00eb \u00ebsht\u00eb sh\u00ebrbimi i Asistenc\u00ebs Personale?\n<\/h2>\t\t\t\t<\/div>\n\t\t\t\t<div class=\"elementor-element elementor-element-8ce49f7 elementor-widget elementor-widget-text-editor\" data-id=\"8ce49f7\" data-element_type=\"widget\" data-e-type=\"widget\" data-widget_type=\"text-editor.default\">\n\t\t\t\t\t\t\t\t\tAsistenca personale \u00ebsht\u00eb nj\u00eb sh\u00ebrbim q\u00eb ofron mb\u00ebshtetje p\u00ebr personat me aft\u00ebsi t\u00eb kufizuara t\u00eb r\u00ebnda, n\u00eb m\u00ebnyr\u00eb q\u00eb ata t\u00eb mund t\u00eb marrin pjes\u00eb n\u00eb shoq\u00ebri dhe t\u00eb jetojn\u00eb nj\u00eb jet\u00eb t\u00eb pavarur. Q\u00ebllimi i nd\u00ebrhyrjes \u00ebsht\u00eb t\u2019u mund\u00ebsoj\u00eb njer\u00ebzve t\u00eb jetojn\u00eb nj\u00eb jet\u00eb si t\u00eb tjer\u00ebt.\t\t\t\t\t\t\t\t<\/div>\n\t\t<div class=\"elementor-element elementor-element-5a9aedd e-con-full e-flex e-con e-child\" data-id=\"5a9aedd\" data-element_type=\"container\" data-e-type=\"container\">\n\t\t<div class=\"elementor-element elementor-element-61e60b6 e-con-full e-flex e-con e-child\" data-id=\"61e60b6\" data-element_type=\"container\" data-e-type=\"container\">\n\t\t\t\t<div class=\"elementor-element elementor-element-9ef6db4 elementor-widget-mobile__width-inherit elementor-widget elementor-widget-image\" data-id=\"9ef6db4\" data-element_type=\"widget\" data-e-type=\"widget\" data-widget_type=\"image.default\">\n\t\t\t\t\t\t\t\t\t\t\t\t\t\t\t<img fetchpriority=\"high\" decoding=\"async\" width=\"2560\" height=\"1709\" src=\"https:\/\/lichnaasistencija.mk\/wp-content\/uploads\/2025\/12\/docd.jpg\" class=\"attachment-full size-full wp-image-2489\" alt=\"\" srcset=\"https:\/\/lichnaasistencija.mk\/wp-content\/uploads\/2025\/12\/docd.jpg 2560w, https:\/\/lichnaasistencija.mk\/wp-content\/uploads\/2025\/12\/docd-300x200.jpg 300w, https:\/\/lichnaasistencija.mk\/wp-content\/uploads\/2025\/12\/docd-1024x684.jpg 1024w, https:\/\/lichnaasistencija.mk\/wp-content\/uploads\/2025\/12\/docd-768x513.jpg 768w, https:\/\/lichnaasistencija.mk\/wp-content\/uploads\/2025\/12\/docd-1536x1025.jpg 1536w, https:\/\/lichnaasistencija.mk\/wp-content\/uploads\/2025\/12\/docd-2048x1367.jpg 2048w\" sizes=\"(max-width: 2560px) 100vw, 2560px\" \/>\t\t\t\t\t\t\t\t\t\t\t\t\t\t\t<\/div>\n\t\t\t\t<\/div>\n\t\t<div class=\"elementor-element elementor-element-aaf9e4a e-con-full e-flex e-con e-child\" data-id=\"aaf9e4a\" data-element_type=\"container\" data-e-type=\"container\">\n\t\t\t\t<div class=\"elementor-element elementor-element-86719a0 elementor-widget elementor-widget-text-editor\" data-id=\"86719a0\" data-element_type=\"widget\" data-e-type=\"widget\" data-widget_type=\"text-editor.default\">\n\t\t\t\t\t\t\t\t\tAsistenca Personale \u00ebsht\u00eb nj\u00eb sh\u00ebrbim social q\u00eb ofron mb\u00ebshtetje t\u00eb individualizuar p\u00ebr personat me d\u00ebmtim t\u00eb shikimit, personat me aft\u00ebsi t\u00eb kufizuara fizike, personat me aft\u00ebsi t\u00eb kufizuara t\u00eb kombinuara (n\u00ebse nj\u00ebra nga aft\u00ebsit\u00eb e kufizuara \u00ebsht\u00eb d\u00ebmtim i shikimit ose aft\u00ebsi e kufizuar fizike), si dhe p\u00ebr persona deri n\u00eb mosh\u00ebn 26 vje\u00e7, bazuar n\u00eb nj\u00eb vler\u00ebsim sipas International Classification of Functioning, Disability and Health (ICF), n\u00ebse ekipi profesional konstaton nevoj\u00ebn p\u00ebr sh\u00ebrbimin.\n\t\t\t\t\t\t\t\t<\/div>\n\t\t\t\t<div class=\"elementor-element elementor-element-f71573d elementor-widget elementor-widget-text-editor\" data-id=\"f71573d\" data-element_type=\"widget\" data-e-type=\"widget\" data-widget_type=\"text-editor.default\">\n\t\t\t\t\t\t\t\t\t<p>Q\u00ebllimi i Asistenc\u00ebs Personale \u00ebsht\u00eb t\u2019u mund\u00ebsoj\u00eb p\u00ebrfituesve pjes\u00ebmarrje aktive n\u00eb komunitet dhe t\u00eb jetojn\u00eb nj\u00eb jet\u00eb t\u00eb pavarur, dinjitoze dhe t\u00eb p\u00ebrmbushur.<\/p><p>Sh\u00ebrbimi rregullohet me Ligjin p\u00ebr Mbrojtje Sociale t\u00eb Republika e Maqedonis\u00eb s\u00eb Veriut. E drejta p\u00ebr Asistenc\u00eb Personale p\u00ebrcaktohet n\u00eb baz\u00eb t\u00eb nj\u00eb vler\u00ebsimi profesional t\u00eb aft\u00ebsive funksionale dhe nevoj\u00ebs p\u00ebr mb\u00ebshtetje, t\u00eb kryer nga Qendra kompetente p\u00ebr Pun\u00eb Sociale.<\/p><p>Asistenca Personale bazohet n\u00eb nevojat individuale t\u00eb p\u00ebrfituesit, prandaj v\u00ebllimi dhe p\u00ebrmbajtja e mb\u00ebshtetjes mund t\u00eb ndryshojn\u00eb nga personi n\u00eb person. P\u00ebrfituesi ka t\u00eb drejt\u00eb t\u00eb marr\u00eb pjes\u00eb n\u00eb planifikimin dhe organizimin e Asistenc\u00ebs s\u00eb tij\/saj.<br \/><br \/>\u00cbsht\u00eb ve\u00e7an\u00ebrisht e r\u00ebnd\u00ebsishme q\u00eb sh\u00ebrbimi t\u00eb bazohet n\u00eb zgjedhjet, d\u00ebshirat dhe m\u00ebnyr\u00ebn e jetes\u00ebs s\u00eb p\u00ebrfituesit. Asistenca Personale mund t\u00eb ofrohet n\u00eb sht\u00ebpi, n\u00eb nj\u00eb institucion arsimor, n\u00eb vendin e pun\u00ebs ose n\u00eb komunitet \u2014 pra kudo q\u00eb p\u00ebrfituesi jeton, m\u00ebson, punon dhe funksionon.<\/p>\t\t\t\t\t\t\t\t<\/div>\n\t\t\t\t<\/div>\n\t\t\t\t<\/div>\n\t\t\t\t\t<\/div>\n\t\t\t\t<\/div>\n\t\t<div class=\"elementor-element elementor-element-e4b95ef e-flex e-con-boxed e-con e-parent\" data-id=\"e4b95ef\" data-element_type=\"container\" data-e-type=\"container\" data-settings=\"{&quot;background_background&quot;:&quot;classic&quot;}\">\n\t\t\t\t\t<div class=\"e-con-inner\">\n\t\t\t\t<div class=\"elementor-element elementor-element-3bce059 elementor-widget elementor-widget-heading\" data-id=\"3bce059\" data-element_type=\"widget\" data-e-type=\"widget\" data-widget_type=\"heading.default\">\n\t\t\t\t\t<h4 class=\"elementor-heading-title elementor-size-default\">Pyetjet m\u00eb t\u00eb shpeshta (Pyetjet e Shpeshta)\n<\/h4>\t\t\t\t<\/div>\n\t\t\t\t<div class=\"elementor-element elementor-element-bedd32c elementor-widget elementor-widget-heading\" data-id=\"bedd32c\" data-element_type=\"widget\" data-e-type=\"widget\" data-widget_type=\"heading.default\">\n\t\t\t\t\t<h2 class=\"elementor-heading-title elementor-size-default\">Pyetje dhe p\u00ebrgjigje p\u00ebr Asistenc\u00ebn Personale\n<\/h2>\t\t\t\t<\/div>\n\t\t\t\t<div class=\"elementor-element elementor-element-e6e48cc elementor-widget__width-initial faq-sec elementor-widget elementor-widget-n-accordion\" data-id=\"e6e48cc\" data-element_type=\"widget\" data-e-type=\"widget\" data-settings=\"{&quot;default_state&quot;:&quot;expanded&quot;,&quot;max_items_expended&quot;:&quot;one&quot;,&quot;n_accordion_animation_duration&quot;:{&quot;unit&quot;:&quot;ms&quot;,&quot;size&quot;:400,&quot;sizes&quot;:[]}}\" data-widget_type=\"nested-accordion.default\">\n\t\t\t\t\t\t\t<div class=\"e-n-accordion\" aria-label=\"Accordion. Open links with Enter or Space, close with Escape, and navigate with Arrow Keys\">\n\t\t\t\t\t\t<details id=\"e-n-accordion-item-2420\" class=\"e-n-accordion-item\" open>\n\t\t\t\t<summary class=\"e-n-accordion-item-title\" data-accordion-index=\"1\" tabindex=\"0\" aria-expanded=\"true\" aria-controls=\"e-n-accordion-item-2420\" >\n\t\t\t\t\t<span class='e-n-accordion-item-title-header'><div class=\"e-n-accordion-item-title-text\"> Cilat jan\u00eb kostot e sh\u00ebrbimit? <\/div><\/span>\n\t\t\t\t\t\t\t<span class='e-n-accordion-item-title-icon'>\n\t\t\t<span class='e-opened' ><svg aria-hidden=\"true\" class=\"e-font-icon-svg e-fas-minus\" viewbox=\"0 0 448 512\" xmlns=\"http:\/\/www.w3.org\/2000\/svg\"><path d=\"M416 208H32c-17.67 0-32 14.33-32 32v32c0 17.67 14.33 32 32 32h384c17.67 0 32-14.33 32-32v-32c0-17.67-14.33-32-32-32z\"><\/path><\/svg><\/span>\n\t\t\t<span class='e-closed'><svg aria-hidden=\"true\" class=\"e-font-icon-svg e-fas-plus\" viewbox=\"0 0 448 512\" xmlns=\"http:\/\/www.w3.org\/2000\/svg\"><path d=\"M416 208H272V64c0-17.67-14.33-32-32-32h-32c-17.67 0-32 14.33-32 32v144H32c-17.67 0-32 14.33-32 32v32c0 17.67 14.33 32 32 32h144v144c0 17.67 14.33 32 32 32h32c17.67 0 32-14.33 32-32V304h144c17.67 0 32-14.33 32-32v-32c0-17.67-14.33-32-32-32z\"><\/path><\/svg><\/span>\n\t\t<\/span>\n\n\t\t\t\t\t\t<\/summary>\n\t\t\t\t<div role=\"region\" aria-labelledby=\"e-n-accordion-item-2420\" class=\"elementor-element elementor-element-2d54f4e e-con-full e-flex e-con e-child\" data-id=\"2d54f4e\" data-element_type=\"container\" data-e-type=\"container\">\n\t\t\t\t<div class=\"elementor-element elementor-element-497fe30 elementor-widget elementor-widget-text-editor\" data-id=\"497fe30\" data-element_type=\"widget\" data-e-type=\"widget\" data-widget_type=\"text-editor.default\">\n\t\t\t\t\t\t\t\t\t<p>Asistenca Personale sipas Ligjit p\u00ebr Mbrojtje Sociale t\u00eb Republika e Maqedonis\u00eb s\u00eb Veriut \u00ebsht\u00eb falas p\u00ebr p\u00ebrfituesin.<\/p><p>Personi q\u00eb i \u00ebsht\u00eb miratuar Asistenca Personale vazhdon t\u00eb mbuloj\u00eb shpenzimet e tij personale, si ushqimi, qiraja, transporti dhe shpenzimet e lidhura me aktivitete.<\/p>\t\t\t\t\t\t\t\t<\/div>\n\t\t\t\t<\/div>\n\t\t\t\t\t<\/details>\n\t\t\t\t\t\t<details id=\"e-n-accordion-item-2421\" class=\"e-n-accordion-item\" >\n\t\t\t\t<summary class=\"e-n-accordion-item-title\" data-accordion-index=\"2\" tabindex=\"-1\" aria-expanded=\"false\" aria-controls=\"e-n-accordion-item-2421\" >\n\t\t\t\t\t<span class='e-n-accordion-item-title-header'><div class=\"e-n-accordion-item-title-text\"> \u00c7far\u00eb ndodh n\u00ebse p\u00ebrfituesi ka nevoj\u00eb p\u00ebr m\u00eb shum\u00eb or\u00eb Asistence Personale? <\/div><\/span>\n\t\t\t\t\t\t\t<span class='e-n-accordion-item-title-icon'>\n\t\t\t<span class='e-opened' ><svg aria-hidden=\"true\" class=\"e-font-icon-svg e-fas-minus\" viewbox=\"0 0 448 512\" xmlns=\"http:\/\/www.w3.org\/2000\/svg\"><path d=\"M416 208H32c-17.67 0-32 14.33-32 32v32c0 17.67 14.33 32 32 32h384c17.67 0 32-14.33 32-32v-32c0-17.67-14.33-32-32-32z\"><\/path><\/svg><\/span>\n\t\t\t<span class='e-closed'><svg aria-hidden=\"true\" class=\"e-font-icon-svg e-fas-plus\" viewbox=\"0 0 448 512\" xmlns=\"http:\/\/www.w3.org\/2000\/svg\"><path d=\"M416 208H272V64c0-17.67-14.33-32-32-32h-32c-17.67 0-32 14.33-32 32v144H32c-17.67 0-32 14.33-32 32v32c0 17.67 14.33 32 32 32h144v144c0 17.67 14.33 32 32 32h32c17.67 0 32-14.33 32-32V304h144c17.67 0 32-14.33 32-32v-32c0-17.67-14.33-32-32-32z\"><\/path><\/svg><\/span>\n\t\t<\/span>\n\n\t\t\t\t\t\t<\/summary>\n\t\t\t\t<div role=\"region\" aria-labelledby=\"e-n-accordion-item-2421\" class=\"elementor-element elementor-element-a9417b9 e-con-full e-flex e-con e-child\" data-id=\"a9417b9\" data-element_type=\"container\" data-e-type=\"container\">\n\t\t\t\t<div class=\"elementor-element elementor-element-059b8dc elementor-widget elementor-widget-text-editor\" data-id=\"059b8dc\" data-element_type=\"widget\" data-e-type=\"widget\" data-widget_type=\"text-editor.default\">\n\t\t\t\t\t\t\t\t\tN\u00eb Republika e Maqedonis\u00eb s\u00eb Veriut, Asistenca Personale miratohet bazuar n\u00eb nj\u00eb vler\u00ebsim individual t\u00eb nevojave, t\u00eb kryer nga Qendra kompetente p\u00ebr Pun\u00eb Sociale, n\u00eb p\u00ebrputhje me Ligjin p\u00ebr Mbrojtje Sociale.\n\t\t\t\t\t\t\t\t<\/div>\n\t\t\t\t<div class=\"elementor-element elementor-element-cc9e0b7 elementor-widget elementor-widget-text-editor\" data-id=\"cc9e0b7\" data-element_type=\"widget\" data-e-type=\"widget\" data-widget_type=\"text-editor.default\">\n\t\t\t\t\t\t\t\t\t<p>V\u00ebllimi i sh\u00ebrbimit p\u00ebrcaktohet me ligj dhe \u00ebsht\u00eb maksimumi 80 or\u00eb n\u00eb muaj.<\/p><p>Numri i or\u00ebve nuk mund t\u00eb tejkaloj\u00eb k\u00ebt\u00eb kufi ligjor dhe as nuk mund t\u00eb rritet p\u00ebrkoh\u00ebsisht mbi 80 or\u00eb n\u00eb muaj.<\/p><p>N\u00ebse ndryshojn\u00eb nevojat e p\u00ebrfituesit, mund t\u00eb k\u00ebrkohet nj\u00eb vler\u00ebsim i ri nga Qendra p\u00ebr Pun\u00eb Sociale, por sh\u00ebrbimi mund t\u00eb ofrohet vet\u00ebm brenda kufirit ligjor t\u00eb p\u00ebrcaktuar prej 80 or\u00ebsh n\u00eb muaj.<\/p><p>N\u00eb rast t\u00eb munges\u00ebs s\u00eb p\u00ebrkohshme t\u00eb asistentit personal (p\u00ebr shembull, s\u00ebmundje), ofruesi i licencuar i sh\u00ebrbimit siguron vazhdim\u00ebsin\u00eb e mb\u00ebshtetjes brenda numrit t\u00eb or\u00ebve t\u00eb miratuara.<\/p>\t\t\t\t\t\t\t\t<\/div>\n\t\t\t\t<\/div>\n\t\t\t\t\t<\/details>\n\t\t\t\t\t\t<details id=\"e-n-accordion-item-2422\" class=\"e-n-accordion-item\" >\n\t\t\t\t<summary class=\"e-n-accordion-item-title\" data-accordion-index=\"3\" tabindex=\"-1\" aria-expanded=\"false\" aria-controls=\"e-n-accordion-item-2422\" >\n\t\t\t\t\t<span class='e-n-accordion-item-title-header'><div class=\"e-n-accordion-item-title-text\"> Si fillon Asistenca Personale? <\/div><\/span>\n\t\t\t\t\t\t\t<span class='e-n-accordion-item-title-icon'>\n\t\t\t<span class='e-opened' ><svg aria-hidden=\"true\" class=\"e-font-icon-svg e-fas-minus\" viewbox=\"0 0 448 512\" xmlns=\"http:\/\/www.w3.org\/2000\/svg\"><path d=\"M416 208H32c-17.67 0-32 14.33-32 32v32c0 17.67 14.33 32 32 32h384c17.67 0 32-14.33 32-32v-32c0-17.67-14.33-32-32-32z\"><\/path><\/svg><\/span>\n\t\t\t<span class='e-closed'><svg aria-hidden=\"true\" class=\"e-font-icon-svg e-fas-plus\" viewbox=\"0 0 448 512\" xmlns=\"http:\/\/www.w3.org\/2000\/svg\"><path d=\"M416 208H272V64c0-17.67-14.33-32-32-32h-32c-17.67 0-32 14.33-32 32v144H32c-17.67 0-32 14.33-32 32v32c0 17.67 14.33 32 32 32h144v144c0 17.67 14.33 32 32 32h32c17.67 0 32-14.33 32-32V304h144c17.67 0 32-14.33 32-32v-32c0-17.67-14.33-32-32-32z\"><\/path><\/svg><\/span>\n\t\t<\/span>\n\n\t\t\t\t\t\t<\/summary>\n\t\t\t\t<div role=\"region\" aria-labelledby=\"e-n-accordion-item-2422\" class=\"elementor-element elementor-element-2f2f1bb e-con-full e-flex e-con e-child\" data-id=\"2f2f1bb\" data-element_type=\"container\" data-e-type=\"container\">\n\t\t\t\t<div class=\"elementor-element elementor-element-c08fa74 elementor-widget elementor-widget-text-editor\" data-id=\"c08fa74\" data-element_type=\"widget\" data-e-type=\"widget\" data-widget_type=\"text-editor.default\">\n\t\t\t\t\t\t\t\t\t<p>Asistenca Personale fillon pasi p\u00ebrdoruesi t\u00eb marr\u00eb vendimin p\u00ebr p\u00ebrdorimin e sh\u00ebrbimit nga Qendra kompetente p\u00ebr Pun\u00eb Sociale me nj\u00eb sasi t\u00eb p\u00ebrcaktuar or\u00ebsh deri n\u00eb maksimumin ligjor<\/p><p>M\u00eb pas p\u00ebrdoruesi p\u00ebrdor sh\u00ebrbimin p\u00ebrmes nj\u00eb ofruesi t\u00eb licencuar t\u00eb sh\u00ebrbimeve sociale i cili organizon mb\u00ebshtetjen sipas vendimit dhe nevojave individuale t\u00eb p\u00ebrdoruesit<\/p><p>N\u00ebse p\u00ebrdoruesi nuk ka nj\u00eb asistent personal t\u00eb siguruar, ne krijojm\u00eb s\u00eb bashku nj\u00eb plan fillestar p\u00ebr futjen e sh\u00ebrbimit. Ofruesi i sh\u00ebrbimit<\/p><ul><li>P\u00ebrgatit dokumentacionin e nevojsh\u00ebm duke p\u00ebrfshir\u00eb marr\u00ebveshjet dhe miratimet<\/li><li>B\u00ebn zgjedhjen dhe angazhimin e asistent\u00ebve personal\u00eb<\/li><li>P\u00ebrgatit nj\u00eb plan p\u00ebr zbatimin dhe orarin sipas nevojave dhe sasis\u00eb s\u00eb miratuar t\u00eb or\u00ebve<\/li><li>Siguron koordinimin dhe vazhdim\u00ebsin\u00eb e sh\u00ebrbimit<\/li><\/ul><p><br \/>Fillimi i sh\u00ebrbimit varet nga procedura administrative, disponueshm\u00ebria e stafit dhe nevojat ose zgjedhja e p\u00ebrdoruesit, por ofruesi punon q\u00eb sh\u00ebrbimi t\u00eb filloj\u00eb sa m\u00eb shpejt t\u00eb jet\u00eb e mundur<\/p>\t\t\t\t\t\t\t\t<\/div>\n\t\t\t\t<\/div>\n\t\t\t\t\t<\/details>\n\t\t\t\t\t\t<details id=\"e-n-accordion-item-2423\" class=\"e-n-accordion-item\" >\n\t\t\t\t<summary class=\"e-n-accordion-item-title\" data-accordion-index=\"4\" tabindex=\"-1\" aria-expanded=\"false\" aria-controls=\"e-n-accordion-item-2423\" >\n\t\t\t\t\t<span class='e-n-accordion-item-title-header'><div class=\"e-n-accordion-item-title-text\"> \u00c7far\u00eb ndodh kur ju miratohet sh\u00ebrbimi i Asistenc\u00ebs Personale? <\/div><\/span>\n\t\t\t\t\t\t\t<span class='e-n-accordion-item-title-icon'>\n\t\t\t<span class='e-opened' ><svg aria-hidden=\"true\" class=\"e-font-icon-svg e-fas-minus\" viewbox=\"0 0 448 512\" xmlns=\"http:\/\/www.w3.org\/2000\/svg\"><path d=\"M416 208H32c-17.67 0-32 14.33-32 32v32c0 17.67 14.33 32 32 32h384c17.67 0 32-14.33 32-32v-32c0-17.67-14.33-32-32-32z\"><\/path><\/svg><\/span>\n\t\t\t<span class='e-closed'><svg aria-hidden=\"true\" class=\"e-font-icon-svg e-fas-plus\" viewbox=\"0 0 448 512\" xmlns=\"http:\/\/www.w3.org\/2000\/svg\"><path d=\"M416 208H272V64c0-17.67-14.33-32-32-32h-32c-17.67 0-32 14.33-32 32v144H32c-17.67 0-32 14.33-32 32v32c0 17.67 14.33 32 32 32h144v144c0 17.67 14.33 32 32 32h32c17.67 0 32-14.33 32-32V304h144c17.67 0 32-14.33 32-32v-32c0-17.67-14.33-32-32-32z\"><\/path><\/svg><\/span>\n\t\t<\/span>\n\n\t\t\t\t\t\t<\/summary>\n\t\t\t\t<div role=\"region\" aria-labelledby=\"e-n-accordion-item-2423\" class=\"elementor-element elementor-element-1aeae8d e-con-full e-flex e-con e-child\" data-id=\"1aeae8d\" data-element_type=\"container\" data-e-type=\"container\">\n\t\t\t\t<div class=\"elementor-element elementor-element-178c1db elementor-widget elementor-widget-text-editor\" data-id=\"178c1db\" data-element_type=\"widget\" data-e-type=\"widget\" data-widget_type=\"text-editor.default\">\n\t\t\t\t\t\t\t\t\t<p>Kur nj\u00eb person me aft\u00ebsi t\u00eb kufizuara miratohet p\u00ebr sh\u00ebrbimin e Asistenc\u00ebs Personale sipas Ligjit p\u00ebr Mbrojtjen Sociale, mb\u00ebshtetja q\u00eb ai\/ajo merr p\u00ebrshtatet sipas nevojave t\u00eb tij\/saj individuale<\/p><p>Nuk ekziston nj\u00eb zgjidhje universale \u2013 secili person merr mb\u00ebshtetje bazuar n\u00eb gjendjen e tij funksionale, aktivitetet e p\u00ebrditshme dhe nivelin e pavar\u00ebsis\u00eb<\/p><p>Vler\u00ebsimin e kryen Qendra p\u00ebr Pun\u00eb Sociale, e cila merr vendimin p\u00ebr p\u00ebrdorimin e sh\u00ebrbimit. Pas marrjes s\u00eb vendimit, nj\u00eb ofrues i licencuar i sh\u00ebrbimeve sociale siguron nj\u00eb asistent personal<\/p><p>Numri i or\u00ebve dhe lloji i mb\u00ebshtetjes varen nga<\/p><ul><li>Nevoja p\u00ebr ndihm\u00eb n\u00eb kujdesin personal<\/li><li>L\u00ebvizja dhe mobiliteti<\/li><li>Komunikimi<\/li><li>Pjes\u00ebmarrja n\u00eb arsim, pun\u00eb ose aktivitete n\u00eb komunitet.<\/li><\/ul><p><br \/>Q\u00ebllimi i asistenc\u00ebs personale \u00ebsht\u00eb q\u00eb personi t\u00eb jetoj\u00eb sa m\u00eb i pavarur dhe t\u00eb marr\u00eb pjes\u00eb n\u00eb m\u00ebnyr\u00eb aktive n\u00eb shoq\u00ebri.<\/p>\t\t\t\t\t\t\t\t<\/div>\n\t\t\t\t<\/div>\n\t\t\t\t\t<\/details>\n\t\t\t\t\t<\/div>\n\t\t\t\t\t\t<\/div>\n\t\t\t\t\t<\/div>\n\t\t\t\t<\/div>\n\t\t<div class=\"elementor-element elementor-element-93057bd e-flex e-con-boxed e-con e-parent\" data-id=\"93057bd\" data-element_type=\"container\" data-e-type=\"container\">\n\t\t\t\t\t<div class=\"e-con-inner\">\n\t\t\t\t<div class=\"elementor-element elementor-element-c255bb0 elementor-widget elementor-widget-heading\" data-id=\"c255bb0\" data-element_type=\"widget\" data-e-type=\"widget\" data-widget_type=\"heading.default\">\n\t\t\t\t\t<h2 class=\"elementor-heading-title elementor-size-default\">M\u00eb shum\u00eb rreth asaj se \u00e7far\u00eb \u00ebsht\u00eb asistenca personale dhe \u00e7far\u00eb do t\u00eb thot\u00eb ajo\nM\u00eb shum\u00eb rreth asistenc\u00ebs personale\n<\/h2>\t\t\t\t<\/div>\n\t\t<div class=\"elementor-element elementor-element-398ede5 e-con-full e-flex e-con e-child\" data-id=\"398ede5\" data-element_type=\"container\" data-e-type=\"container\">\n\t\t<div class=\"elementor-element elementor-element-9acabf5 e-con-full e-flex e-con e-child\" data-id=\"9acabf5\" data-element_type=\"container\" data-e-type=\"container\">\n\t\t<div class=\"elementor-element elementor-element-12a9c5f e-con-full e-flex e-con e-child\" data-id=\"12a9c5f\" data-element_type=\"container\" data-e-type=\"container\">\n\t\t\t\t<div class=\"elementor-element elementor-element-a9dec99 elementor-widget elementor-widget-text-editor\" data-id=\"a9dec99\" data-element_type=\"widget\" data-e-type=\"widget\" data-widget_type=\"text-editor.default\">\n\t\t\t\t\t\t\t\t\t<p>Nj\u00eb pjes\u00eb e r\u00ebnd\u00ebsishme e asistenc\u00ebs personale \u00ebsht\u00eb ideja themelore q\u00eb mb\u00ebshtetja duhet t\u00eb ofrohet nga nj\u00eb num\u00ebr i kufizuar personash, t\u00eb ashtuquajtur asistent\u00eb personal\u00eb. N\u00eb p\u00ebrputhje me Ligjin p\u00ebr Mbrojtje Sociale t\u00eb Republik\u00ebs s\u00eb Maqedonis\u00eb s\u00eb Veriut, p\u00ebrfituesi i sh\u00ebrbimit ka ndikim t\u00eb konsideruesh\u00ebm n\u00eb p\u00ebrzgjedhjen e asistentit personal dhe n\u00eb m\u00ebnyr\u00ebn e organizimit t\u00eb mb\u00ebshtetjes.<\/p><p>Sh\u00ebrbimi nuk administrohet nga komuna, por miratohet me vendim nga Qendra kompetente p\u00ebr Pun\u00eb Sociale dhe zbatohet p\u00ebrmes nj\u00eb ofruesi t\u00eb licencuar t\u00eb sh\u00ebrbimeve sociale.<\/p><p>Ne jemi ofrues i licencuar i sh\u00ebrbimit t\u00eb asistenc\u00ebs personale dhe ofrojm\u00eb mb\u00ebshtetje n\u00eb p\u00ebrputhje me rregulloret ligjore dhe vendimet e nxjerra nga institucionet kompetente.<\/p>\t\t\t\t\t\t\t\t<\/div>\n\t\t\t\t<\/div>\n\t\t<div class=\"elementor-element elementor-element-8843853 e-con-full e-flex e-con e-child\" data-id=\"8843853\" data-element_type=\"container\" data-e-type=\"container\">\n\t\t\t\t<div class=\"elementor-element elementor-element-662aad0 elementor-widget elementor-widget-heading\" data-id=\"662aad0\" data-element_type=\"widget\" data-e-type=\"widget\" data-widget_type=\"heading.default\">\n\t\t\t\t\t<h4 class=\"elementor-heading-title elementor-size-default\">\u00c7far\u00eb do t\u00eb thot\u00eb asistenca personale?\n<\/h4>\t\t\t\t<\/div>\n\t\t\t\t<div class=\"elementor-element elementor-element-b613b6b elementor-widget elementor-widget-text-editor\" data-id=\"b613b6b\" data-element_type=\"widget\" data-e-type=\"widget\" data-widget_type=\"text-editor.default\">\n\t\t\t\t\t\t\t\t\t<p>Asistenca personale \u00ebsht\u00eb nj\u00eb sh\u00ebrbim social n\u00eb komunitet i p\u00ebrcaktuar me Ligjin p\u00ebr Mbrojtjen Sociale dhe \u00ebsht\u00eb i destinuar p\u00ebr personat me aft\u00ebsi t\u00eb kufizuara t\u00eb r\u00ebnda dhe t\u00eb p\u00ebrhershme, t\u00eb cil\u00ebve u nevojitet mb\u00ebshtetje p\u00ebr p\u00ebrmbushjen e nevojave baz\u00eb jet\u00ebsore.<\/p><p>Kjo mund t\u00eb p\u00ebrfshij\u00eb:<\/p><ul><li>Ndihm\u00eb n\u00eb higjien\u00ebn personale<\/li><li>Mb\u00ebshtetje gjat\u00eb vakteve<\/li><li>Ndihm\u00eb n\u00eb aktivitetet e lidhura me gjendjen sh\u00ebndet\u00ebsore<\/li><li>Komunikimi me t\u00eb tjer\u00ebt<\/li><li>Mb\u00ebshtetje p\u00ebr parandalimin e d\u00ebmtimeve<\/li><li>Mb\u00ebshtetje e vazhdueshme p\u00ebr shkak t\u00eb gjendjes sh\u00ebndet\u00ebsore<\/li><\/ul><p>Nj\u00eb person mund t\u2019i ofrohet asistenc\u00eb personale edhe p\u00ebr nevoja t\u00eb tjera n\u00ebse ato nuk mund t\u00eb plot\u00ebsohen n\u00eb nj\u00eb m\u00ebnyr\u00eb tjet\u00ebr, si\u00e7 jan\u00eb:<\/p><ul><li>P\u00ebrgatitja e vakteve<\/li><li>Pjes\u00ebmarrja n\u00eb aktivitete t\u00eb lira<\/li><li>Aktivitetet e pun\u00ebs<\/li><li>Transferime dhe mobilitet<\/li><\/ul><p><br \/>Gjith\u00e7ka ka p\u00ebr q\u00ebllim t\u00eb mund\u00ebsoj\u00eb personave me aft\u00ebsi t\u00eb kufizuara t\u00eb jetojn\u00eb jet\u00ebn e tyre n\u00eb m\u00ebnyr\u00eb t\u00eb pavarur, me dinjitet dhe n\u00eb m\u00ebnyr\u00eb t\u00eb barabart\u00eb me qytetar\u00ebt e tjer\u00eb.<\/p>\t\t\t\t\t\t\t\t<\/div>\n\t\t\t\t<\/div>\n\t\t<div class=\"elementor-element elementor-element-fdf7b11 e-con-full e-flex e-con e-child\" data-id=\"fdf7b11\" data-element_type=\"container\" data-e-type=\"container\">\n\t\t\t\t<div class=\"elementor-element elementor-element-82c3071 elementor-widget elementor-widget-heading\" data-id=\"82c3071\" data-element_type=\"widget\" data-e-type=\"widget\" data-widget_type=\"heading.default\">\n\t\t\t\t\t<h4 class=\"elementor-heading-title elementor-size-default\">\u00c7far\u00eb \u00ebsht\u00eb e nevojshme p\u00ebr t\u00eb marr\u00eb asistenc\u00eb personale?<\/h4>\t\t\t\t<\/div>\n\t\t\t\t<div class=\"elementor-element elementor-element-28b6b2a elementor-widget elementor-widget-text-editor\" data-id=\"28b6b2a\" data-element_type=\"widget\" data-e-type=\"widget\" data-widget_type=\"text-editor.default\">\n\t\t\t\t\t\t\t\t\t<p>Sh\u00ebrbimi i asistenc\u00ebs personale ka p\u00ebr q\u00ebllim t\u00eb mund\u00ebsoj\u00eb personave me aft\u00ebsi t\u00eb kufizuara t\u00eb marrin pjes\u00eb aktivisht n\u00eb shoq\u00ebri dhe t\u00eb jetojn\u00eb n\u00eb m\u00ebnyr\u00eb t\u00eb pavarur. Sh\u00ebrbimi p\u00ebrshtatet nga personi te personi pasi bazohet n\u00eb nj\u00eb vler\u00ebsim individual t\u00eb nevojave.<\/p><p><strong>1. E drejta p\u00ebr asistenc\u00eb personale mund t\u00eb ushqehet nga:<\/strong><\/p><ul><li>Personat me d\u00ebmtim t\u00eb shikimit (persona t\u00eb verb\u00ebr)<\/li><li>Personat me aft\u00ebsi t\u00eb kufizuara fizike<\/li><li>Personat me aft\u00ebsi t\u00eb kufizuara t\u00eb kombinuara, n\u00ebse gjendja e kombinuar p\u00ebrfshin d\u00ebmtim t\u00eb shikimit ose aft\u00ebsi t\u00eb kufizuara fizike,<\/li><li>T\u00eb rinj deri n\u00eb 26 vje\u00e7, bazuar n\u00eb nj\u00eb vler\u00ebsim dhe rekomandim sipas KFI-s\u00eb (ICF).<\/li><\/ul><p><br \/><strong>2. Personi duhet t\u00eb ket\u00eb nevoj\u00eb p\u00ebr mb\u00ebshtetje n\u00eb aktivitetet baz\u00eb t\u00eb jet\u00ebs, t\u00eb tilla si:<br \/><\/strong><\/p><ul><li>Higjena personale<\/li><li>Komunikimi<\/li><li>Veshja dhe zhveshja<\/li><li>Ushqimi<\/li><li>L\u00ebvizja dhe mobiliteti<\/li><li>Mb\u00ebshtetje p\u00ebr shkak t\u00eb gjendjes sh\u00ebndet\u00ebsore<\/li><\/ul><p>P\u00ebr m\u00eb tep\u00ebr, personi mund t\u00eb marr\u00eb asistenc\u00eb personale edhe p\u00ebr nevoja t\u00eb tjera q\u00eb nuk plot\u00ebsohen n\u00eb nj\u00eb m\u00ebnyr\u00eb tjet\u00ebr, si gatimi, aktivitetet e lira, puna ose l\u00ebvizja.<\/p><p><strong>3. Aplikimi p\u00ebr Asistenc\u00eb Personale<\/strong><\/p><p>Personat q\u00eb kan\u00eb nevoj\u00eb p\u00ebr asistenc\u00eb personale dor\u00ebzojn\u00eb nj\u00eb k\u00ebrkes\u00eb tek Qendra kompetente p\u00ebr Pun\u00eb Sociale sipas vendbanimit t\u00eb tyre.<\/p><p>Qendra kryen nj\u00eb vler\u00ebsim profesional t\u00eb nevojave dhe nxjerr nj\u00eb vendim q\u00eb p\u00ebrcakton t\u00eb drejt\u00ebn dhe shtrirjen e sh\u00ebrbimit.<\/p><p>Shtrirja e asistenc\u00ebs personale p\u00ebrcaktohet me vendim dhe mund t\u00eb arrij\u00eb deri n\u00eb 80 or\u00eb n\u00eb muaj, n\u00eb p\u00ebrputhje me kuadrin ligjor.<\/p><p>Sh\u00ebrbimi m\u00eb pas zbatohet p\u00ebrmes nj\u00eb ofruesi t\u00eb licencuar t\u00eb sh\u00ebrbimeve sociale.<\/p>\t\t\t\t\t\t\t\t<\/div>\n\t\t\t\t<\/div>\n\t\t\t\t<\/div>\n\t\t<div class=\"elementor-element elementor-element-0f4105c e-con-full postion-sec e-flex e-con e-child\" data-id=\"0f4105c\" data-element_type=\"container\" data-e-type=\"container\">\n\t\t\t\t<div class=\"elementor-element elementor-element-c15393e elementor-widget-mobile__width-inherit elementor-widget elementor-widget-image\" data-id=\"c15393e\" data-element_type=\"widget\" data-e-type=\"widget\" data-widget_type=\"image.default\">\n\t\t\t\t\t\t\t\t\t\t\t\t\t\t\t<img decoding=\"async\" width=\"1707\" height=\"2560\" src=\"https:\/\/lichnaasistencija.mk\/wp-content\/uploads\/2025\/12\/woman-helping-boy-with-down-syndrome-draw-scaled.jpg\" class=\"attachment-full size-full wp-image-1951\" alt=\"\" srcset=\"https:\/\/lichnaasistencija.mk\/wp-content\/uploads\/2025\/12\/woman-helping-boy-with-down-syndrome-draw-scaled.jpg 1707w, https:\/\/lichnaasistencija.mk\/wp-content\/uploads\/2025\/12\/woman-helping-boy-with-down-syndrome-draw-200x300.jpg 200w, https:\/\/lichnaasistencija.mk\/wp-content\/uploads\/2025\/12\/woman-helping-boy-with-down-syndrome-draw-683x1024.jpg 683w, https:\/\/lichnaasistencija.mk\/wp-content\/uploads\/2025\/12\/woman-helping-boy-with-down-syndrome-draw-768x1152.jpg 768w, https:\/\/lichnaasistencija.mk\/wp-content\/uploads\/2025\/12\/woman-helping-boy-with-down-syndrome-draw-1024x1536.jpg 1024w, https:\/\/lichnaasistencija.mk\/wp-content\/uploads\/2025\/12\/woman-helping-boy-with-down-syndrome-draw-1366x2048.jpg 1366w\" sizes=\"(max-width: 1707px) 100vw, 1707px\" \/>\t\t\t\t\t\t\t\t\t\t\t\t\t\t\t<\/div>\n\t\t\t\t<\/div>\n\t\t\t\t<\/div>\n\t\t\t\t\t<\/div>\n\t\t\t\t<\/div>\n\t\t\t\t<\/div>","protected":false},"excerpt":{"rendered":"<p>\u0414\u043e\u043c\u0430 \u0428\u0442\u043e \u0435 \u043b\u0438\u0447\u043d\u0430 \u043f\u043e\u043c\u043e\u0448? \u0428\u0442\u043e \u0435 \u0443\u0441\u043b\u0443\u0433\u0430\u0442\u0430 \u041b\u0438\u0447\u043d\u0430 \u0410\u0441\u0438\u0441\u0442\u0435\u043d\u0446\u0438\u0458\u0430? \u041b\u0438\u0447\u043d\u0430\u0442\u0430 \u0430\u0441\u0438\u0441\u0442\u0435\u043d\u0446\u0438\u0458\u0430 \u0435 \u0443\u0441\u043b\u0443\u0433\u0430 \u043a\u043e\u0458\u0430 \u043e\u0431\u0435\u0437\u0431\u0435\u0434\u0443\u0432\u0430 \u043f\u043e\u0434\u0434\u0440\u0448\u043a\u0430 \u043d\u0430 \u043b\u0438\u0446\u0430\u0442\u0430 \u0441\u043e \u0442\u0435\u0448\u043a\u0430 \u043f\u043e\u043f\u0440\u0435\u0447\u0435\u043d\u043e\u0441\u0442 \u0437\u0430 \u0434\u0430 \u043c\u043e\u0436\u0430\u0442 \u0434\u0430 \u0443\u0447\u0435\u0441\u0442\u0432\u0443\u0432\u0430\u0430\u0442 \u0432\u043e \u043e\u043f\u0448\u0442\u0435\u0441\u0442\u0432\u043e\u0442\u043e \u0438 \u0434\u0430 \u0436\u0438\u0432\u0435\u0430\u0442 \u0441\u0430\u043c\u043e\u0441\u0442\u043e\u0435\u043d \u0436\u0438\u0432\u043e\u0442. \u0426\u0435\u043b\u0442\u0430 \u043d\u0430 \u0438\u043d\u0442\u0435\u0440\u0432\u0435\u043d\u0446\u0438\u0458\u0430\u0442\u0430 \u0435 \u0434\u0430 \u0438\u043c \u0441\u0435 \u043e\u0432\u043e\u0437\u043c\u043e\u0436\u0438 \u043d\u0430 \u043b\u0443\u0453\u0435\u0442\u043e \u0434\u0430 \u0436\u0438\u0432\u0435\u0430\u0442 \u0436\u0438\u0432\u043e\u0442 \u043a\u0430\u043a\u043e \u0434\u0440\u0443\u0433\u0438\u0442\u0435. \u041b\u0438\u0447\u043d\u0430\u0442\u0430 \u0410\u0441\u0438\u0441\u0442\u0435\u043d\u0446\u0438\u0458\u0430 \u0435 \u0441\u043e\u0446\u0438\u0458\u0430\u043b\u043d\u0430 \u0443\u0441\u043b\u0443\u0433\u0430 \u0448\u0442\u043e [&hellip;]<\/p>","protected":false},"author":2,"featured_media":0,"parent":0,"menu_order":0,"comment_status":"closed","ping_status":"closed","template":"elementor_header_footer","meta":{"inline_featured_image":false,"footnotes":""},"class_list":["post-2463","page","type-page","status-publish","hentry"],"_hostinger_reach_plugin_has_subscription_block":false,"_hostinger_reach_plugin_is_elementor":false,"_links":{"self":[{"href":"https:\/\/lichnaasistencija.mk\/sq\/wp-json\/wp\/v2\/pages\/2463","targetHints":{"allow":["GET"]}}],"collection":[{"href":"https:\/\/lichnaasistencija.mk\/sq\/wp-json\/wp\/v2\/pages"}],"about":[{"href":"https:\/\/lichnaasistencija.mk\/sq\/wp-json\/wp\/v2\/types\/page"}],"author":[{"embeddable":true,"href":"https:\/\/lichnaasistencija.mk\/sq\/wp-json\/wp\/v2\/users\/2"}],"replies":[{"embeddable":true,"href":"https:\/\/lichnaasistencija.mk\/sq\/wp-json\/wp\/v2\/comments?post=2463"}],"version-history":[{"count":235,"href":"https:\/\/lichnaasistencija.mk\/sq\/wp-json\/wp\/v2\/pages\/2463\/revisions"}],"predecessor-version":[{"id":5024,"href":"https:\/\/lichnaasistencija.mk\/sq\/wp-json\/wp\/v2\/pages\/2463\/revisions\/5024"}],"wp:attachment":[{"href":"https:\/\/lichnaasistencija.mk\/sq\/wp-json\/wp\/v2\/media?parent=2463"}],"curies":[{"name":"wp","href":"https:\/\/api.w.org\/{rel}","templated":true}]}}